{"version":"1.0","provider_name":"Chemins de communion vers J\u00e9rusalem","provider_url":"https:\/\/www.communion-unite.org\/en","author_name":"Martin","author_url":"https:\/\/www.communion-unite.org\/en\/article\/author\/martinhoegger\/","title":"Nir Am, choisir la vie apr\u00e8s le 7 octobre - Chemins de communion vers J\u00e9rusalem","type":"rich","width":600,"height":338,"html":"<blockquote class=\"wp-embedded-content\" data-secret=\"SoaOZLVc7a\"><a href=\"https:\/\/www.communion-unite.org\/en\/article\/nir-am\/\">Nir Am, choisir la vie apr\u00e8s le 7 octobre<\/a><\/blockquote><iframe sandbox=\"allow-scripts\" security=\"restricted\" src=\"https:\/\/www.communion-unite.org\/en\/article\/nir-am\/embed\/#?secret=SoaOZLVc7a\" width=\"600\" height=\"338\" title=\"&#8220;Nir Am, choisir la vie apr\u00e8s le 7 octobre&#8221; &#8212; Chemins de communion vers J\u00e9rusalem\" data-secret=\"SoaOZLVc7a\" frameborder=\"0\" marginwidth=\"0\" marginheight=\"0\" scrolling=\"no\" class=\"wp-embedded-content\"><\/iframe><script>\n\/*! This file is auto-generated *\/\n!function(d,l){\"use strict\";l.querySelector&&d.addEventListener&&\"undefined\"!=typeof URL&&(d.wp=d.wp||{},d.wp.receiveEmbedMessage||(d.wp.receiveEmbedMessage=function(e){var t=e.data;if((t||t.secret||t.message||t.value)&&!\/[^a-zA-Z0-9]\/.test(t.secret)){for(var s,r,n,a=l.querySelectorAll('iframe[data-secret=\"'+t.secret+'\"]'),o=l.querySelectorAll('blockquote[data-secret=\"'+t.secret+'\"]'),c=new RegExp(\"^https?:$\",\"i\"),i=0;i<o.length;i++)o[i].style.display=\"none\";for(i=0;i<a.length;i++)s=a[i],e.source===s.contentWindow&&(s.removeAttribute(\"style\"),\"height\"===t.message?(1e3<(r=parseInt(t.value,10))?r=1e3:~~r<200&&(r=200),s.height=r):\"link\"===t.message&&(r=new URL(s.getAttribute(\"src\")),n=new URL(t.value),c.test(n.protocol))&&n.host===r.host&&l.activeElement===s&&(d.top.location.href=t.value))}},d.addEventListener(\"message\",d.wp.receiveEmbedMessage,!1),l.addEventListener(\"DOMContentLoaded\",function(){for(var e,t,s=l.querySelectorAll(\"iframe.wp-embedded-content\"),r=0;r<s.length;r++)(t=(e=s[r]).getAttribute(\"data-secret\"))||(t=Math.random().toString(36).substring(2,12),e.src+=\"#?secret=\"+t,e.setAttribute(\"data-secret\",t)),e.contentWindow.postMessage({message:\"ready\",secret:t},\"*\")},!1)))}(window,document);\n\/\/# sourceURL=https:\/\/www.communion-unite.org\/wp-includes\/js\/wp-embed.min.js\n<\/script>","thumbnail_url":"https:\/\/www.communion-unite.org\/wp-content\/uploads\/2026\/09\/kibbutz_nir_am.jpeg","thumbnail_width":1600,"thumbnail_height":1200,"description":"Le 26 ao\u00fbt 2026, \u00e0\u00a0la HET-PRO\u00a0[1]\u00a0(Saint L\u00e9gier), Yoni et Patrick, deux habitants du kibboutz Nir Am, situ\u00e9 \u00e0 quelques centaines de m\u00e8tres de la bande de Gaza, ont t\u00e9moign\u00e9 de ce qu\u2019ils ont v\u00e9cu depuis le 7 octobre 2023. Venus en Suisse \u00e0 l\u2019invitation d\u2019amis qui soutiennent leur communaut\u00e9, ils ont voulu raconter leur exp\u00e9rience, [&hellip;]"}